{"id":3756,"date":"2022-03-24T13:01:24","date_gmt":"2022-03-24T12:01:24","guid":{"rendered":"https:\/\/komvak.buges.sk\/ugyfelfogado-iroda\/"},"modified":"2022-07-11T13:01:36","modified_gmt":"2022-07-11T11:01:36","slug":"ugyfelfogado-iroda","status":"publish","type":"page","link":"https:\/\/komvak.sk\/hu\/szolgaltatasok\/ugyfelfogado-iroda\/","title":{"rendered":"\u00dcgyf\u00e9lszolg\u00e1lati iroda"},"content":{"rendered":"\n<div class=\"row row-collapse\"  id=\"row-1598713828\">\n\n\n\t<div id=\"col-291155268\" class=\"col show-for-medium medium-12 small-12 large-12\"  >\n\t\t\t\t<div class=\"col-inner\"  >\n\t\t\t\n\t\t\t\n\n<div class=\"container section-title-container show-for-medium\" ><h3 class=\"section-title section-title-bold-center\"><b aria-hidden=\"true\"><\/b><span class=\"section-title-main\" style=\"color:rgb(18, 109, 177);\">\u00dcgyf\u00e9lszolg\u00e1lati iroda<\/span><b aria-hidden=\"true\"><\/b><\/h3><\/div>\n\n\n\t\t<\/div>\n\t\t\t\t\t<\/div>\n\n\t\n\n\t<div id=\"col-1913201170\" class=\"col is-sticky-column hide-for-medium medium-12 small-12 large-3\"  >\n\t\t\t\t<div class=\"col-inner\"  >\n\t\t\t\n\t\t\t\n\n<div class=\"container section-title-container hide-for-medium\" ><h3 class=\"section-title section-title-bold\"><b aria-hidden=\"true\"><\/b><span class=\"section-title-main\" style=\"color:rgb(18, 109, 177);\">\u00dcgyf\u00e9lszolg\u00e1lati iroda<\/span><b aria-hidden=\"true\"><\/b><\/h3><\/div>\n\n\n\t\t<\/div>\n\t\t\t\t\t<\/div>\n\n\t\n\n\t<div id=\"col-1160253633\" class=\"col bw--drop_shadow medium-12 small-12 large-9\"  >\n\t\t\t\t<div class=\"col-inner text-center\"  >\n\t\t\t\n\t<div class=\"is-border\"\n\t\tstyle=\"border-color:rgb(18, 109, 177);border-width:2.5px 2.5px 2.5px 2.5px;\">\n\t<\/div>\n\t\t\t\n\n<div class=\"row row-collapse align-middle\"  id=\"row-782723115\">\n\n\n\t<div id=\"col-440154997\" class=\"col small-12 large-12\"  >\n\t\t\t\t<div class=\"col-inner\"  >\n\t\t\t\n\t\t\t\n\n\t<div id=\"text-869570713\" class=\"text\">\n\t\t\n\n<h2>V\u00edz- \u00e9s csatornah\u00e1l\u00f3zati csatlakoz\u00f3k l\u00e9trehoz\u00e1sa ir\u00e1nti k\u00e9relem V\u00edz\u00f3ra felszerel\u00e9se ir\u00e1nti k\u00e9relem<\/h2>\n<p>Az lakoss\u00e1gi v\u00edzell\u00e1t\u00e1sb\u00f3l t\u00f6rt\u00e9n\u0151 iv\u00f3v\u00edz szolg\u00e1ltat\u00e1sr\u00f3l, ill. a szennyv\u00edz elvezet\u00e9s\u00e9r\u0151l sz\u00f3l\u00f3 szerz\u0151d\u00e9s megk\u00f6t\u00e9s\u00e9hez a kit\u00f6lt\u00f6tt k\u00e9rv\u00e9ny beny\u00fajt\u00e1s\u00e1t k\u00f6vet\u0151en az al\u00e1bbi okm\u00e1nyokat is be kell ny\u00fajtani:<\/p>\n<h3>Jogi szem\u00e9lyek<\/h3>\n<ul style=\"list-style-type: square;\">\n<li>c\u00e9gb\u00edr\u00f3s\u00e1gi kivonat vagy v\u00e1llalkoz\u00f3i enged\u00e9ly<\/li>\n<li>tulajdonlap \/ kivonat<\/li>\n<li>\u00e9p\u00edt\u00e9si enged\u00e9ly<\/li>\n<li>v\u00edz-\u00e9s csatorn\u00e1z\u00e1si csatlakoz\u00f3k teljes tervdokument\u00e1ci\u00f3ja<\/li>\n<\/ul>\n<h3>Term\u00e9szetes szem\u00e9lyek:<\/h3>\n<ul style=\"list-style-type: square;\">\n<li>szem\u00e9lyazonoss\u00e1gi okm\u00e1ny<\/li>\n<li>tulajdonlap \/ kivonat<\/li>\n<li>\u00e9p\u00edt\u00e9si enged\u00e9ly<\/li>\n<li>v\u00edz-\u00e9s csatorn\u00e1z\u00e1si csatlakoz\u00f3k teljes tervdokument\u00e1ci\u00f3ja<\/li>\n<\/ul>\n<h3>V\u00e1ltoz\u00e1s a fogyaszt\u00f3 szem\u00e9ly\u00e9ben, a v\u00edzfogyaszt\u00e1s\/v\u00e9telez\u00e9s megsz\u00fcntet\u00e9se<\/h3>\n<p>A fogyaszt\u00e1s\/v\u00e9telez\u00e9s megsz\u00fcntethet\u0151 a v\u00edzm\u00e9r\u0151 leszerel\u00e9s\u00e9re ir\u00e1nyul\u00f3 k\u00e9rv\u00e9ny beny\u00fajt\u00e1s\u00e1val, ill. az \u00faj fogyaszt\u00f3ra\/\u00fcgyf\u00e9lre t\u00f6rt\u00e9n\u0151 \u00e1t\u00edr\u00e1ssal (fogyaszt\u00f3\/\u00fcgyf\u00e9l v\u00e1ltoz\u00e1sa). A fogyaszt\u00f3 \/ \u00fcgyf\u00e9l v\u00e1ltoz\u00e1s\u00e1hoz sz\u00fcks\u00e9ges okm\u00e1nyok az al\u00e1bbiak: <\/p>\n<h3>Jogi szem\u00e9lyek:<\/h3>\n<ul style=\"list-style-type: square;\">\n<li>c\u00e9gb\u00edr\u00f3s\u00e1gi kivonat vagy v\u00e1llalkoz\u00f3i enged\u00e9ly<\/li>\n<li>tulajdonlap \/ kivonat<\/li>\n<\/ul>\n<h3>Term\u00e9szetes szem\u00e9lyek:<\/h3>\n<ul style=\"list-style-type: square;\">\n<li>szem\u00e9lyazonoss\u00e1gi okm\u00e1ny<\/li>\n<li>tulajdonlap \/ kivonat<\/li>\n<\/ul>\n<p>A fogyaszt\u00f3 \/\u00fcgyf\u00e9l v\u00e1ltoz\u00e1sa eset\u00e9n az eredeti v\u00e9telez\u00e9s az \u00faj fogyaszt\u00f3val\/\u00fcgyf\u00e9llel val\u00f3 szerz\u0151d\u00e9s al\u00e1\u00edr\u00e1sakor tekinthet\u0151 befejezettnek. A szerz\u0151d\u00e9s megsz\u00fcntet\u00e9sekor az eredeti fogyaszt\u00f3\/\u00fcgyf\u00e9l k\u00f6teles rendezni esetleges tartoz\u00e1sait a v\u00edz\u00f3ra azon \u00e1ll\u00e1s\u00e1hoz, amellyel az \u00faj fogyaszt\u00f3\/\u00fcgyf\u00e9l a fogyaszt\u00e1st \u00e1tveszi. Ez\u00e9rt sz\u00fcks\u00e9ges, hogy a megjelent a v\u00e1ltoz\u00e1s int\u00e9z\u00e9sekor az ingatlan eredeti, valamint \u00faj tulajdonosa is megjelenjen.  <\/p>\n<p>Ha az eredeti fogyaszt\u00f3\/\u00fcgyf\u00e9l nem k\u00e9rv\u00e9nyezi a v\u00edz\u00f3ra leszerel\u00e9s\u00e9t, viszont az ingatlant az \u00faj tulajdonos haszn\u00e1lja, aki szerz\u0151d\u00e9sk\u00f6t\u00e9s ir\u00e1nti k\u00e9relm\u00e9t nem jelezte, az eredeti fogyaszt\u00f3\/\u00fcgyf\u00e9l k\u00f6teles fizetni a v\u00edz-\u00e9s csatornad\u00edjat eg\u00e9szen addig, am\u00edg sor nem ker\u00fcl a szerz\u0151d\u00e9s megk\u00f6t\u00e9s\u00e9re az \u00faj fogyaszt\u00f3val\/\u00fcgyf\u00e9llel.<\/p>\n<p>Abban az esetben, ha az ingatlan b\u00e9rbead\u00e1s\u00e1ra ker\u00fcl sor, \u00e9s a tulajdonos ig\u00e9nyli a v\u00edzm\u00e9r\u0151nek a b\u00e9rl\u0151re t\u00f6rt\u00e9n\u0151 \u00e1t\u00edr\u00e1s\u00e1t, a tulajdonossal, valamint a b\u00e9rl\u0151vel is sor ker\u00fcl a szerz\u0151d\u00e9s megk\u00f6t\u00e9s\u00e9re, mik\u00f6zben az ingatlan tulajdonosa k\u00f6teles beny\u00fajtani az ingatlan tulajdonlapj\u00e1t, a b\u00e9rleti szerz\u0151d\u00e9st, \u00e9s ha a v\u00e9telez\u00e9sn\u00e9l jogi szem\u00e9lyr\u0151l van sz\u00f3, c\u00e9gkivonatot vagy v\u00e1llalkoz\u00f3i enged\u00e9lyt.<\/p>\n<h4>C\u00edm:<\/h4>\n<p>E. B. Luk\u00e1\u010da 25<br>945 01 Kom\u00e1rno<br>Tel.: 00421 35 77 222 77<br>Mobil: 00421 905 231 684<\/p>\n<h4>\u00dcgyf\u00e9lszolg\u00e1lati iroda nyitva tart\u00e1sa:<\/h4>\n<p>H\u00e9tf\u0151: 7.30 &#8211; 11.30 ; 13.00 &#8211; 14.30<br>Szerda: 7.30 &#8211; 11.30 ; 13.30 &#8211; 16.00<br>P\u00e9ntek: 7.30 &#8211; 11.30 ; 13.00 &#8211; 14.30 <\/p>\n\t\t\n<style>\n#text-869570713 {\n  text-align: left;\n}\n<\/style>\n\t<\/div>\n\t\n\n\t\t<\/div>\n\t\t\t\t\n<style>\n#col-440154997 > .col-inner {\n  padding: 30px 30px 30px 30px;\n}\n<\/style>\n\t<\/div>\n\n\t\n\n<\/div>\n\n\t\t<\/div>\n\t\t\t\t\n<style>\n#col-1160253633 > .col-inner {\n  padding: 30px 30px 30px 30px;\n}\n<\/style>\n\t<\/div>\n\n\t\n\n\n<style>\n#row-1598713828 > .col > .col-inner {\n  padding: 0px 0px 0px 0px;\n}\n<\/style>\n<\/div>\n\t<div id=\"gap-833189154\" class=\"gap-element clearfix\" style=\"display:block; height:auto;\">\n\t\t\n<style>\n#gap-833189154 {\n  padding-top: 60px;\n}\n<\/style>\n\t<\/div>\n\t\n\n\n","protected":false},"excerpt":{"rendered":"","protected":false},"author":1,"featured_media":0,"parent":3823,"menu_order":0,"comment_status":"closed","ping_status":"closed","template":"","meta":{"footnotes":""},"class_list":["post-3756","page","type-page","status-publish","hentry"],"yoast_head":"<!-- This site is optimized with the Yoast SEO plugin v27.3 - https:\/\/yoast.com\/product\/yoast-seo-wordpress\/ -->\n<title>\u00dcgyf\u00e9lszolg\u00e1lati iroda &#8226; KOMVak<\/title>\n<meta name=\"robots\" content=\"index, follow, max-snippet:-1, max-image-preview:large, max-video-preview:-1\" \/>\n<link rel=\"canonical\" href=\"https:\/\/komvak.sk\/hu\/szolgaltatasok\/ugyfelfogado-iroda\/\" \/>\n<meta property=\"og:locale\" content=\"hu_HU\" \/>\n<meta property=\"og:type\" content=\"article\" \/>\n<meta property=\"og:title\" content=\"\u00dcgyf\u00e9lszolg\u00e1lati iroda &#8226; KOMVak\" \/>\n<meta property=\"og:url\" content=\"https:\/\/komvak.sk\/hu\/szolgaltatasok\/ugyfelfogado-iroda\/\" \/>\n<meta property=\"og:site_name\" content=\"KOMVak\" \/>\n<meta property=\"article:publisher\" content=\"https:\/\/www.facebook.com\/KOMVaKKomarno\" \/>\n<meta property=\"article:modified_time\" content=\"2022-07-11T11:01:36+00:00\" \/>\n<meta name=\"twitter:card\" content=\"summary_large_image\" \/>\n<meta name=\"twitter:label1\" content=\"Becs\u00fclt olvas\u00e1si id\u0151\" \/>\n\t<meta name=\"twitter:data1\" content=\"3 perc\" \/>\n<script type=\"application\/ld+json\" class=\"yoast-schema-graph\">{\"@context\":\"https:\\\/\\\/schema.org\",\"@graph\":[{\"@type\":\"WebPage\",\"@id\":\"https:\\\/\\\/komvak.sk\\\/hu\\\/szolgaltatasok\\\/ugyfelfogado-iroda\\\/\",\"url\":\"https:\\\/\\\/komvak.sk\\\/hu\\\/szolgaltatasok\\\/ugyfelfogado-iroda\\\/\",\"name\":\"\u00dcgyf\u00e9lszolg\u00e1lati iroda &#8226; KOMVak\",\"isPartOf\":{\"@id\":\"https:\\\/\\\/komvak.sk\\\/hu\\\/#website\"},\"datePublished\":\"2022-03-24T12:01:24+00:00\",\"dateModified\":\"2022-07-11T11:01:36+00:00\",\"breadcrumb\":{\"@id\":\"https:\\\/\\\/komvak.sk\\\/hu\\\/szolgaltatasok\\\/ugyfelfogado-iroda\\\/#breadcrumb\"},\"inLanguage\":\"hu\",\"potentialAction\":[{\"@type\":\"ReadAction\",\"target\":[\"https:\\\/\\\/komvak.sk\\\/hu\\\/szolgaltatasok\\\/ugyfelfogado-iroda\\\/\"]}]},{\"@type\":\"BreadcrumbList\",\"@id\":\"https:\\\/\\\/komvak.sk\\\/hu\\\/szolgaltatasok\\\/ugyfelfogado-iroda\\\/#breadcrumb\",\"itemListElement\":[{\"@type\":\"ListItem\",\"position\":1,\"name\":\"Home\",\"item\":\"https:\\\/\\\/komvak.sk\\\/hu\\\/\"},{\"@type\":\"ListItem\",\"position\":2,\"name\":\"Szolg\u00e1ltat\u00e1sok\",\"item\":\"https:\\\/\\\/komvak.sk\\\/hu\\\/sluzby\\\/\"},{\"@type\":\"ListItem\",\"position\":3,\"name\":\"\u00dcgyf\u00e9lszolg\u00e1lati iroda\"}]},{\"@type\":\"WebSite\",\"@id\":\"https:\\\/\\\/komvak.sk\\\/hu\\\/#website\",\"url\":\"https:\\\/\\\/komvak.sk\\\/hu\\\/\",\"name\":\"KOMVak\",\"description\":\"Vod\u00e1rne a kanaliz\u00e1cie mesta Kom\u00e1rna, a.s.\",\"publisher\":{\"@id\":\"https:\\\/\\\/komvak.sk\\\/hu\\\/#organization\"},\"potentialAction\":[{\"@type\":\"SearchAction\",\"target\":{\"@type\":\"EntryPoint\",\"urlTemplate\":\"https:\\\/\\\/komvak.sk\\\/hu\\\/?s={search_term_string}\"},\"query-input\":{\"@type\":\"PropertyValueSpecification\",\"valueRequired\":true,\"valueName\":\"search_term_string\"}}],\"inLanguage\":\"hu\"},{\"@type\":\"Organization\",\"@id\":\"https:\\\/\\\/komvak.sk\\\/hu\\\/#organization\",\"name\":\"KOMVaK - Vod\u00e1rne a kanaliz\u00e1cie mesta Kom\u00e1rna, a.s.\",\"url\":\"https:\\\/\\\/komvak.sk\\\/hu\\\/\",\"logo\":{\"@type\":\"ImageObject\",\"inLanguage\":\"hu\",\"@id\":\"https:\\\/\\\/komvak.sk\\\/hu\\\/#\\\/schema\\\/logo\\\/image\\\/\",\"url\":\"https:\\\/\\\/komvak.sk\\\/wp-content\\\/uploads\\\/KOMVak_logo.png\",\"contentUrl\":\"https:\\\/\\\/komvak.sk\\\/wp-content\\\/uploads\\\/KOMVak_logo.png\",\"width\":948,\"height\":619,\"caption\":\"KOMVaK - Vod\u00e1rne a kanaliz\u00e1cie mesta Kom\u00e1rna, a.s.\"},\"image\":{\"@id\":\"https:\\\/\\\/komvak.sk\\\/hu\\\/#\\\/schema\\\/logo\\\/image\\\/\"},\"sameAs\":[\"https:\\\/\\\/www.facebook.com\\\/KOMVaKKomarno\"]}]}<\/script>\n<!-- \/ Yoast SEO plugin. -->","yoast_head_json":{"title":"\u00dcgyf\u00e9lszolg\u00e1lati iroda &#8226; KOMVak","robots":{"index":"index","follow":"follow","max-snippet":"max-snippet:-1","max-image-preview":"max-image-preview:large","max-video-preview":"max-video-preview:-1"},"canonical":"https:\/\/komvak.sk\/hu\/szolgaltatasok\/ugyfelfogado-iroda\/","og_locale":"hu_HU","og_type":"article","og_title":"\u00dcgyf\u00e9lszolg\u00e1lati iroda &#8226; KOMVak","og_url":"https:\/\/komvak.sk\/hu\/szolgaltatasok\/ugyfelfogado-iroda\/","og_site_name":"KOMVak","article_publisher":"https:\/\/www.facebook.com\/KOMVaKKomarno","article_modified_time":"2022-07-11T11:01:36+00:00","twitter_card":"summary_large_image","twitter_misc":{"Becs\u00fclt olvas\u00e1si id\u0151":"3 perc"},"schema":{"@context":"https:\/\/schema.org","@graph":[{"@type":"WebPage","@id":"https:\/\/komvak.sk\/hu\/szolgaltatasok\/ugyfelfogado-iroda\/","url":"https:\/\/komvak.sk\/hu\/szolgaltatasok\/ugyfelfogado-iroda\/","name":"\u00dcgyf\u00e9lszolg\u00e1lati iroda &#8226; KOMVak","isPartOf":{"@id":"https:\/\/komvak.sk\/hu\/#website"},"datePublished":"2022-03-24T12:01:24+00:00","dateModified":"2022-07-11T11:01:36+00:00","breadcrumb":{"@id":"https:\/\/komvak.sk\/hu\/szolgaltatasok\/ugyfelfogado-iroda\/#breadcrumb"},"inLanguage":"hu","potentialAction":[{"@type":"ReadAction","target":["https:\/\/komvak.sk\/hu\/szolgaltatasok\/ugyfelfogado-iroda\/"]}]},{"@type":"BreadcrumbList","@id":"https:\/\/komvak.sk\/hu\/szolgaltatasok\/ugyfelfogado-iroda\/#breadcrumb","itemListElement":[{"@type":"ListItem","position":1,"name":"Home","item":"https:\/\/komvak.sk\/hu\/"},{"@type":"ListItem","position":2,"name":"Szolg\u00e1ltat\u00e1sok","item":"https:\/\/komvak.sk\/hu\/sluzby\/"},{"@type":"ListItem","position":3,"name":"\u00dcgyf\u00e9lszolg\u00e1lati iroda"}]},{"@type":"WebSite","@id":"https:\/\/komvak.sk\/hu\/#website","url":"https:\/\/komvak.sk\/hu\/","name":"KOMVak","description":"Vod\u00e1rne a kanaliz\u00e1cie mesta Kom\u00e1rna, a.s.","publisher":{"@id":"https:\/\/komvak.sk\/hu\/#organization"},"potentialAction":[{"@type":"SearchAction","target":{"@type":"EntryPoint","urlTemplate":"https:\/\/komvak.sk\/hu\/?s={search_term_string}"},"query-input":{"@type":"PropertyValueSpecification","valueRequired":true,"valueName":"search_term_string"}}],"inLanguage":"hu"},{"@type":"Organization","@id":"https:\/\/komvak.sk\/hu\/#organization","name":"KOMVaK - Vod\u00e1rne a kanaliz\u00e1cie mesta Kom\u00e1rna, a.s.","url":"https:\/\/komvak.sk\/hu\/","logo":{"@type":"ImageObject","inLanguage":"hu","@id":"https:\/\/komvak.sk\/hu\/#\/schema\/logo\/image\/","url":"https:\/\/komvak.sk\/wp-content\/uploads\/KOMVak_logo.png","contentUrl":"https:\/\/komvak.sk\/wp-content\/uploads\/KOMVak_logo.png","width":948,"height":619,"caption":"KOMVaK - Vod\u00e1rne a kanaliz\u00e1cie mesta Kom\u00e1rna, a.s."},"image":{"@id":"https:\/\/komvak.sk\/hu\/#\/schema\/logo\/image\/"},"sameAs":["https:\/\/www.facebook.com\/KOMVaKKomarno"]}]}},"_links":{"self":[{"href":"https:\/\/komvak.sk\/hu\/wp-json\/wp\/v2\/pages\/3756","targetHints":{"allow":["GET"]}}],"collection":[{"href":"https:\/\/komvak.sk\/hu\/wp-json\/wp\/v2\/pages"}],"about":[{"href":"https:\/\/komvak.sk\/hu\/wp-json\/wp\/v2\/types\/page"}],"author":[{"embeddable":true,"href":"https:\/\/komvak.sk\/hu\/wp-json\/wp\/v2\/users\/1"}],"replies":[{"embeddable":true,"href":"https:\/\/komvak.sk\/hu\/wp-json\/wp\/v2\/comments?post=3756"}],"version-history":[{"count":0,"href":"https:\/\/komvak.sk\/hu\/wp-json\/wp\/v2\/pages\/3756\/revisions"}],"up":[{"embeddable":true,"href":"https:\/\/komvak.sk\/hu\/wp-json\/wp\/v2\/pages\/3823"}],"wp:attachment":[{"href":"https:\/\/komvak.sk\/hu\/wp-json\/wp\/v2\/media?parent=3756"}],"curies":[{"name":"wp","href":"https:\/\/api.w.org\/{rel}","templated":true}]}}