{"id":3764,"date":"2022-03-24T13:13:07","date_gmt":"2022-03-24T12:13:07","guid":{"rendered":"https:\/\/komvak.buges.sk\/europai-viz-charta\/"},"modified":"2022-03-24T13:13:08","modified_gmt":"2022-03-24T12:13:08","slug":"europai-viz-charta","status":"publish","type":"page","link":"https:\/\/komvak.sk\/hu\/informaciok\/europai-viz-charta\/","title":{"rendered":"Eur\u00f3pai V\u00edz Charta"},"content":{"rendered":"\n<div class=\"row row-collapse\"  id=\"row-1267602308\">\n\n\n\t<div id=\"col-365732371\" class=\"col show-for-medium medium-12 small-12 large-12\"  >\n\t\t\t\t<div class=\"col-inner\"  >\n\t\t\t\n\t\t\t\n\n<div class=\"container section-title-container show-for-medium\" ><h3 class=\"section-title section-title-bold-center\"><b aria-hidden=\"true\"><\/b><span class=\"section-title-main\" style=\"color:rgb(18, 109, 177);\">Eur\u00f3pai V\u00edz Charta<\/span><b aria-hidden=\"true\"><\/b><\/h3><\/div>\n\n\n\t\t<\/div>\n\t\t\t\t\t<\/div>\n\n\t\n\n\t<div id=\"col-824897114\" class=\"col is-sticky-column medium-12 small-12 large-3\"  >\n\t\t\t\t<div class=\"col-inner\"  >\n\t\t\t\n\t\t\t\n\n<div class=\"container section-title-container hide-for-medium\" ><h3 class=\"section-title section-title-bold\"><b aria-hidden=\"true\"><\/b><span class=\"section-title-main\" style=\"color:rgb(18, 109, 177);\">Eur\u00f3pai V\u00edz Charta<\/span><b aria-hidden=\"true\"><\/b><\/h3><\/div>\n\n\n\t\t<\/div>\n\t\t\t\t\t<\/div>\n\n\t\n\n\t<div id=\"col-614179950\" class=\"col bw--drop_shadow medium-12 small-12 large-9\"  >\n\t\t\t\t<div class=\"col-inner text-center\"  >\n\t\t\t\n\t<div class=\"is-border\"\n\t\tstyle=\"border-color:rgb(18, 109, 177);border-width:2.5px 2.5px 2.5px 2.5px;\">\n\t<\/div>\n\t\t\t\n\n<div class=\"row row-collapse align-middle\"  id=\"row-2071497770\">\n\n\n\t<div id=\"col-1659674396\" class=\"col small-12 large-12\"  >\n\t\t\t\t<div class=\"col-inner\"  >\n\t\t\t\n\t\t\t\n\n\t<div id=\"text-513761340\" class=\"text\">\n\t\t\n\n<h3>A v\u00edz az ember \u00e9s a k\u00f6rnyezet sz\u00e1m\u00e1ra val\u00f3 jelent\u0151s\u00e9g\u00e9t illetve az ezzel kapcsolatos feladatokat az Eur\u00f3pa Tan\u00e1cs 1948. m\u00e1jus 6.-\u00e1n Strasbourgban. A 12 pontban deklar\u00e1lt &#8222;Eur\u00f3pai V\u00edz Chart\u00e1ban&#8221; a k\u00f6vetkez\u0151k szerint hat\u00e1rozta meg.<\/h3>\n<ul style=\"list-style-type: square;\">\n<li>V\u00edz n\u00e9lk\u00fcl nincs \u00e9let. A v\u00edz \u00e9rt\u00e9k \u00e9s l\u00e9tfontoss\u00e1g\u00fa k\u00f6rnyezeti elem.<\/li>\n<li>Az \u00e9desv\u00edz k\u00e9szletek nem kimer\u00edthetetlenek. Ez\u00e9rt ezeket meg kell \u0151rizni, ill. v\u00e9deni.<\/li>\n<li>A v\u00edz szennyez\u00e9se vesz\u00e9lyes az ember \u00e9s m\u00e1s v\u00edzf\u00fcgg\u0151 \u00e9l\u0151l\u00e9nyek sz\u00e1m\u00e1ra.<\/li>\n<li>A v\u00edz min\u0151s\u00e9g\u00e9nek ki kell el\u00e9g\u00edtenie a k\u00fcl\u00f6nb\u00f6z\u0151 haszn\u00e1latok ig\u00e9nyeit, k\u00fcl\u00f6n\u00f6sen az emberi eg\u00e9szs\u00e9g szempontj\u00e1b\u00f3l l\u00e9nyeges k\u00f6vetelm\u00e9nyeket.<\/li>\n<li>A haszn\u00e1lt vizek v\u00edzfoly\u00e1sokba vezet\u00e9s\u00e9vel a v\u00edz min\u0151s\u00e9ge nem akad\u00e1lyozhatja annak tov\u00e1bbi termel\u00e9si illetve szem\u00e9lyes c\u00e9l\u00fa haszn\u00e1lat\u00e1t.<\/li>\n<li>A v\u00edzk\u00e9szletek meg\u0151rz\u00e9se szempontj\u00e1b\u00f3l a n\u00f6v\u00e9nyvil\u00e1g \u00e9s k\u00fcl\u00f6n\u00f6sen az erd\u0151k szerepe igen nagy.<\/li>\n<li>A v\u00edzforr\u00e1sokat meg kell \u0151rizni.<\/li>\n<li>A v\u00edz\u00fcgyi hat\u00f3s\u00e1goknak meg kell tervezni\u00fck a helyes v\u00edzgazd\u00e1lkod\u00e1st.<\/li>\n<li>A v\u00edzv\u00e9delem sz\u00fcks\u00e9gess\u00e9 teszi a szakoktat\u00e1s, a tudom\u00e1nyos kutat\u00e1s \u00e9s a nyilv\u00e1noss\u00e1g t\u00e1j\u00e9koztat\u00e1s\u00e1nak fejleszt\u00e9s\u00e9t, intenzifik\u00e1l\u00e1s\u00e1t.<\/li>\n<li>A v\u00edz k\u00f6z\u00f6s tulajdon, melynek \u00e9rt\u00e9k\u00e9t mindenkinek fel kell ismernie. Az egy\u00e9nek k\u00f6teless\u00e9ge a v\u00edz c\u00e9lszer\u0171 \u00e9s gazdas\u00e1gos haszn\u00e1lata.<\/li>\n<li>A v\u00edzgazd\u00e1lkod\u00e1st term\u00e9szetes v\u00edzgy\u0171jt\u0151 ter\u00fcletek \u00e9s nem politikai illetve adminisztrat\u00edv hat\u00e1rok keret\u00e9ben kell megval\u00f3s\u00edtani.<\/li>\n<li>A v\u00edz nem ismer semmif\u00e9le hat\u00e1rokat, ez\u00e9rt mint k\u00f6z\u00f6s forr\u00e1s nemzetk\u00f6zi egy\u00fcttm\u0171k\u00f6d\u00e9st tesz sz\u00fcks\u00e9gess\u00e9. <\/li>\n<\/ul>\n\t\t\n<style>\n#text-513761340 {\n  text-align: left;\n}\n<\/style>\n\t<\/div>\n\t\n<div class=\"row\"  id=\"row-2096517802\">\n\n\n\t<div id=\"col-691800179\" class=\"col small-12 large-12\"  >\n\t\t\t\t<div class=\"col-inner text-center\"  >\n\t\t\t\n\t\t\t\n\n\t<div class=\"img has-hover x md-x lg-x y md-y lg-y\" id=\"image_481421389\">\n\t\t\t\t\t\t\t\t<div class=\"img-inner dark\" >\n\t\t\t<img loading=\"lazy\" decoding=\"async\" width=\"300\" height=\"200\" src=\"https:\/\/komvak.sk\/wp-content\/uploads\/europska_unia.jpeg\" class=\"attachment-original size-original\" alt=\"\" \/>\t\t\t\t\t\t\n\t\t\t\t\t<\/div>\n\t\t\t\t\t\t\t\t\n<style>\n#image_481421389 {\n  width: 27%;\n}\n<\/style>\n\t<\/div>\n\t\n\n\n\t\t<\/div>\n\t\t\t\t\n<style>\n#col-691800179 > .col-inner {\n  padding: 30px 0px 10px 0px;\n}\n<\/style>\n\t<\/div>\n\n\t\n\n<\/div>\n\n\t\t<\/div>\n\t\t\t\t\n<style>\n#col-1659674396 > .col-inner {\n  padding: 30px 30px 30px 30px;\n  margin: 0px 0px 0px 0px;\n}\n<\/style>\n\t<\/div>\n\n\t\n\n<\/div>\n\n\t\t<\/div>\n\t\t\t\t\n<style>\n#col-614179950 > .col-inner {\n  padding: 30px 30px 30px 30px;\n}\n<\/style>\n\t<\/div>\n\n\t\n\n\n<style>\n#row-1267602308 > .col > .col-inner {\n  padding: 0px 0px 0px 0px;\n}\n<\/style>\n<\/div>\n\t<div id=\"gap-2108245394\" class=\"gap-element clearfix\" style=\"display:block; height:auto;\">\n\t\t\n<style>\n#gap-2108245394 {\n  padding-top: 60px;\n}\n<\/style>\n\t<\/div>\n\t\n\n\n","protected":false},"excerpt":{"rendered":"","protected":false},"author":1,"featured_media":0,"parent":3804,"menu_order":0,"comment_status":"closed","ping_status":"closed","template":"","meta":{"footnotes":""},"class_list":["post-3764","page","type-page","status-publish","hentry"],"yoast_head":"<!-- This site is optimized with the Yoast SEO plugin v27.3 - https:\/\/yoast.com\/product\/yoast-seo-wordpress\/ -->\n<title>Eur\u00f3pai V\u00edz Charta &#8226; KOMVak<\/title>\n<meta name=\"robots\" content=\"index, follow, max-snippet:-1, max-image-preview:large, max-video-preview:-1\" \/>\n<link rel=\"canonical\" href=\"https:\/\/komvak.sk\/hu\/informaciok\/europai-viz-charta\/\" \/>\n<meta property=\"og:locale\" content=\"hu_HU\" \/>\n<meta property=\"og:type\" content=\"article\" \/>\n<meta property=\"og:title\" content=\"Eur\u00f3pai V\u00edz Charta &#8226; KOMVak\" \/>\n<meta property=\"og:url\" content=\"https:\/\/komvak.sk\/hu\/informaciok\/europai-viz-charta\/\" \/>\n<meta property=\"og:site_name\" content=\"KOMVak\" \/>\n<meta property=\"article:publisher\" content=\"https:\/\/www.facebook.com\/KOMVaKKomarno\" \/>\n<meta property=\"article:modified_time\" content=\"2022-03-24T12:13:08+00:00\" \/>\n<meta name=\"twitter:card\" content=\"summary_large_image\" \/>\n<meta name=\"twitter:label1\" content=\"Becs\u00fclt olvas\u00e1si id\u0151\" \/>\n\t<meta name=\"twitter:data1\" content=\"2 perc\" \/>\n<script type=\"application\/ld+json\" class=\"yoast-schema-graph\">{\"@context\":\"https:\\\/\\\/schema.org\",\"@graph\":[{\"@type\":\"WebPage\",\"@id\":\"https:\\\/\\\/komvak.sk\\\/hu\\\/informaciok\\\/europai-viz-charta\\\/\",\"url\":\"https:\\\/\\\/komvak.sk\\\/hu\\\/informaciok\\\/europai-viz-charta\\\/\",\"name\":\"Eur\u00f3pai V\u00edz Charta &#8226; KOMVak\",\"isPartOf\":{\"@id\":\"https:\\\/\\\/komvak.sk\\\/hu\\\/#website\"},\"datePublished\":\"2022-03-24T12:13:07+00:00\",\"dateModified\":\"2022-03-24T12:13:08+00:00\",\"breadcrumb\":{\"@id\":\"https:\\\/\\\/komvak.sk\\\/hu\\\/informaciok\\\/europai-viz-charta\\\/#breadcrumb\"},\"inLanguage\":\"hu\",\"potentialAction\":[{\"@type\":\"ReadAction\",\"target\":[\"https:\\\/\\\/komvak.sk\\\/hu\\\/informaciok\\\/europai-viz-charta\\\/\"]}]},{\"@type\":\"BreadcrumbList\",\"@id\":\"https:\\\/\\\/komvak.sk\\\/hu\\\/informaciok\\\/europai-viz-charta\\\/#breadcrumb\",\"itemListElement\":[{\"@type\":\"ListItem\",\"position\":1,\"name\":\"Home\",\"item\":\"https:\\\/\\\/komvak.sk\\\/hu\\\/\"},{\"@type\":\"ListItem\",\"position\":2,\"name\":\"Inform\u00e1ci\u00f3k\",\"item\":\"https:\\\/\\\/komvak.sk\\\/hu\\\/informacie\\\/\"},{\"@type\":\"ListItem\",\"position\":3,\"name\":\"Eur\u00f3pai V\u00edz Charta\"}]},{\"@type\":\"WebSite\",\"@id\":\"https:\\\/\\\/komvak.sk\\\/hu\\\/#website\",\"url\":\"https:\\\/\\\/komvak.sk\\\/hu\\\/\",\"name\":\"KOMVak\",\"description\":\"Vod\u00e1rne a kanaliz\u00e1cie mesta Kom\u00e1rna, a.s.\",\"publisher\":{\"@id\":\"https:\\\/\\\/komvak.sk\\\/hu\\\/#organization\"},\"potentialAction\":[{\"@type\":\"SearchAction\",\"target\":{\"@type\":\"EntryPoint\",\"urlTemplate\":\"https:\\\/\\\/komvak.sk\\\/hu\\\/?s={search_term_string}\"},\"query-input\":{\"@type\":\"PropertyValueSpecification\",\"valueRequired\":true,\"valueName\":\"search_term_string\"}}],\"inLanguage\":\"hu\"},{\"@type\":\"Organization\",\"@id\":\"https:\\\/\\\/komvak.sk\\\/hu\\\/#organization\",\"name\":\"KOMVaK - Vod\u00e1rne a kanaliz\u00e1cie mesta Kom\u00e1rna, a.s.\",\"url\":\"https:\\\/\\\/komvak.sk\\\/hu\\\/\",\"logo\":{\"@type\":\"ImageObject\",\"inLanguage\":\"hu\",\"@id\":\"https:\\\/\\\/komvak.sk\\\/hu\\\/#\\\/schema\\\/logo\\\/image\\\/\",\"url\":\"https:\\\/\\\/komvak.sk\\\/wp-content\\\/uploads\\\/KOMVak_logo.png\",\"contentUrl\":\"https:\\\/\\\/komvak.sk\\\/wp-content\\\/uploads\\\/KOMVak_logo.png\",\"width\":948,\"height\":619,\"caption\":\"KOMVaK - Vod\u00e1rne a kanaliz\u00e1cie mesta Kom\u00e1rna, a.s.\"},\"image\":{\"@id\":\"https:\\\/\\\/komvak.sk\\\/hu\\\/#\\\/schema\\\/logo\\\/image\\\/\"},\"sameAs\":[\"https:\\\/\\\/www.facebook.com\\\/KOMVaKKomarno\"]}]}<\/script>\n<!-- \/ Yoast SEO plugin. -->","yoast_head_json":{"title":"Eur\u00f3pai V\u00edz Charta &#8226; KOMVak","robots":{"index":"index","follow":"follow","max-snippet":"max-snippet:-1","max-image-preview":"max-image-preview:large","max-video-preview":"max-video-preview:-1"},"canonical":"https:\/\/komvak.sk\/hu\/informaciok\/europai-viz-charta\/","og_locale":"hu_HU","og_type":"article","og_title":"Eur\u00f3pai V\u00edz Charta &#8226; KOMVak","og_url":"https:\/\/komvak.sk\/hu\/informaciok\/europai-viz-charta\/","og_site_name":"KOMVak","article_publisher":"https:\/\/www.facebook.com\/KOMVaKKomarno","article_modified_time":"2022-03-24T12:13:08+00:00","twitter_card":"summary_large_image","twitter_misc":{"Becs\u00fclt olvas\u00e1si id\u0151":"2 perc"},"schema":{"@context":"https:\/\/schema.org","@graph":[{"@type":"WebPage","@id":"https:\/\/komvak.sk\/hu\/informaciok\/europai-viz-charta\/","url":"https:\/\/komvak.sk\/hu\/informaciok\/europai-viz-charta\/","name":"Eur\u00f3pai V\u00edz Charta &#8226; KOMVak","isPartOf":{"@id":"https:\/\/komvak.sk\/hu\/#website"},"datePublished":"2022-03-24T12:13:07+00:00","dateModified":"2022-03-24T12:13:08+00:00","breadcrumb":{"@id":"https:\/\/komvak.sk\/hu\/informaciok\/europai-viz-charta\/#breadcrumb"},"inLanguage":"hu","potentialAction":[{"@type":"ReadAction","target":["https:\/\/komvak.sk\/hu\/informaciok\/europai-viz-charta\/"]}]},{"@type":"BreadcrumbList","@id":"https:\/\/komvak.sk\/hu\/informaciok\/europai-viz-charta\/#breadcrumb","itemListElement":[{"@type":"ListItem","position":1,"name":"Home","item":"https:\/\/komvak.sk\/hu\/"},{"@type":"ListItem","position":2,"name":"Inform\u00e1ci\u00f3k","item":"https:\/\/komvak.sk\/hu\/informacie\/"},{"@type":"ListItem","position":3,"name":"Eur\u00f3pai V\u00edz Charta"}]},{"@type":"WebSite","@id":"https:\/\/komvak.sk\/hu\/#website","url":"https:\/\/komvak.sk\/hu\/","name":"KOMVak","description":"Vod\u00e1rne a kanaliz\u00e1cie mesta Kom\u00e1rna, a.s.","publisher":{"@id":"https:\/\/komvak.sk\/hu\/#organization"},"potentialAction":[{"@type":"SearchAction","target":{"@type":"EntryPoint","urlTemplate":"https:\/\/komvak.sk\/hu\/?s={search_term_string}"},"query-input":{"@type":"PropertyValueSpecification","valueRequired":true,"valueName":"search_term_string"}}],"inLanguage":"hu"},{"@type":"Organization","@id":"https:\/\/komvak.sk\/hu\/#organization","name":"KOMVaK - Vod\u00e1rne a kanaliz\u00e1cie mesta Kom\u00e1rna, a.s.","url":"https:\/\/komvak.sk\/hu\/","logo":{"@type":"ImageObject","inLanguage":"hu","@id":"https:\/\/komvak.sk\/hu\/#\/schema\/logo\/image\/","url":"https:\/\/komvak.sk\/wp-content\/uploads\/KOMVak_logo.png","contentUrl":"https:\/\/komvak.sk\/wp-content\/uploads\/KOMVak_logo.png","width":948,"height":619,"caption":"KOMVaK - Vod\u00e1rne a kanaliz\u00e1cie mesta Kom\u00e1rna, a.s."},"image":{"@id":"https:\/\/komvak.sk\/hu\/#\/schema\/logo\/image\/"},"sameAs":["https:\/\/www.facebook.com\/KOMVaKKomarno"]}]}},"_links":{"self":[{"href":"https:\/\/komvak.sk\/hu\/wp-json\/wp\/v2\/pages\/3764","targetHints":{"allow":["GET"]}}],"collection":[{"href":"https:\/\/komvak.sk\/hu\/wp-json\/wp\/v2\/pages"}],"about":[{"href":"https:\/\/komvak.sk\/hu\/wp-json\/wp\/v2\/types\/page"}],"author":[{"embeddable":true,"href":"https:\/\/komvak.sk\/hu\/wp-json\/wp\/v2\/users\/1"}],"replies":[{"embeddable":true,"href":"https:\/\/komvak.sk\/hu\/wp-json\/wp\/v2\/comments?post=3764"}],"version-history":[{"count":0,"href":"https:\/\/komvak.sk\/hu\/wp-json\/wp\/v2\/pages\/3764\/revisions"}],"up":[{"embeddable":true,"href":"https:\/\/komvak.sk\/hu\/wp-json\/wp\/v2\/pages\/3804"}],"wp:attachment":[{"href":"https:\/\/komvak.sk\/hu\/wp-json\/wp\/v2\/media?parent=3764"}],"curies":[{"name":"wp","href":"https:\/\/api.w.org\/{rel}","templated":true}]}}